{"id":214,"date":"2023-07-15T20:35:09","date_gmt":"2023-07-15T19:35:09","guid":{"rendered":"https:\/\/ladansedehyunah.fr\/?page_id=214"},"modified":"2026-03-04T15:58:42","modified_gmt":"2026-03-04T14:58:42","slug":"la-danse-de-hyun-ah","status":"publish","type":"page","link":"https:\/\/ladansedehyunah.fr\/index.php\/la-danse-de-hyun-ah\/","title":{"rendered":"La danse de Hyun Ah"},"content":{"rendered":"\n<p>Association loi 1er Juillet 1901, d\u00e9clar\u00e9e en mai 2023 n\u00b0 W691107625<\/p>\n\n\n\n<figure class=\"wp-block-image aligncenter size-large is-resized\"><img loading=\"lazy\" decoding=\"async\" width=\"724\" height=\"1024\" src=\"https:\/\/ladansedehyunah.fr\/wp-content\/uploads\/2023\/07\/A-jpeg-724x1024.jpg\" alt=\"\" class=\"wp-image-216\" style=\"width:362px;height:512px\" srcset=\"https:\/\/ladansedehyunah.fr\/wp-content\/uploads\/2023\/07\/A-jpeg-724x1024.jpg 724w, https:\/\/ladansedehyunah.fr\/wp-content\/uploads\/2023\/07\/A-jpeg-212x300.jpg 212w, https:\/\/ladansedehyunah.fr\/wp-content\/uploads\/2023\/07\/A-jpeg-768x1086.jpg 768w, https:\/\/ladansedehyunah.fr\/wp-content\/uploads\/2023\/07\/A-jpeg-1086x1536.jpg 1086w, https:\/\/ladansedehyunah.fr\/wp-content\/uploads\/2023\/07\/A-jpeg-1448x2048.jpg 1448w, https:\/\/ladansedehyunah.fr\/wp-content\/uploads\/2023\/07\/A-jpeg-scaled.jpg 1810w\" sizes=\"auto, (max-width: 724px) 100vw, 724px\" \/><\/figure>\n\n\n\n<p class=\"has-text-align-left\"><em><code>Une autorisation pr\u00e9alable est donc n\u00e9cessaire pour un document in\u00e9dit.Cette autorisation doit \u00eatre obtenue aupr\u00e8s de l\u2019auteur ou de ses ayants droit<\/code><\/em>.  <code>\u0152uvre de Jung-sik auteur du film couleur peau miel  et tout ce qui nous relie droit soumis \u00e0 l'association la danse de Hyun AH et C\u00e9cile Hocd\u00e9.  <\/code><\/p>\n\n\n\n<p>L&rsquo;association \u00a0\u00bb La danse de Hyun Ah\u00a0\u00bb a but non lucratif a \u00e9t\u00e9 cr\u00e9e en mai 2023 . Elle propose diverses activit\u00e9s au c\u0153ur du centre ville de Lyon 1er . <\/p>\n\n\n\n<p>La danse est utilis\u00e9e comme levier d&rsquo;action sociale , de transformation, et de cr\u00e9ation, en r\u00e9veillant le potentiel de chaque individu.<\/p>\n\n\n\n<p>-Cours hebdomadaire de Biodanza\u00ae les mardis soirs de 19H \u00e0 21H.<\/p>\n\n\n\n<p>-Atelier Biodanza \u00ae pour b\u00e9b\u00e9s, enfants et adolescents.<\/p>\n\n\n\n<p>&#8211; Atelier Biodanza \u00ae en famille ( interg\u00e9n\u00e9rationnel) en int\u00e9grant l&rsquo;\u00e9ducation biocentrique .<\/p>\n\n\n\n<p>-Atelier Biodanza\u00ae journal bio cr\u00e9atif et po\u00e9sie.<\/p>\n\n\n\n<p>&#8211; Groupe de parole et Biodanza\u00ae pour femmes victimes de violences sexuelles et conjugales.<\/p>\n\n\n\n<p>-Atelier de psychog\u00e9n\u00e9alogie ou analyse transg\u00e9n\u00e9rationnelle en int\u00e9grant de la danse expressive en collectif ou individuel.<\/p>\n\n\n\n<p>-Atelier expressif  (journal organique, \u00e9criture, chant, peinture&#8230;).<\/p>\n\n\n\n<p>-Groupe de parole pour femmes victimes de violences ( sexuelles et conjugales&#8230; ) en int\u00e9grant de la danse expressive. ( Septembre 25).<\/p>\n\n\n\n<p><em>Les inscriptions sont ouvertes, un entretien pr\u00e9alable est obligatoire avant toute inscription. <\/em><\/p>\n\n\n\n<p>-Conf\u00e9rences.<\/p>\n\n\n\n<p>Cette association a pour objet de d\u00e9velopper , promouvoir, organiser,&nbsp; cr\u00e9er des activit\u00e9s de d\u00e9veloppement humain. Favoriser l\u2019\u00e9mergence \u00e9motionnelle des personnes et leur cr\u00e9ativit\u00e9 &nbsp;\u00e0 travers des m\u00e9diations artistiques et de relaxation corporelle. Elle facilite le lien social et le bien-\u00eatre de la personne par le biais de la danse, le mouvement corporel, la musique , le dessin,&nbsp; le chant, l\u2019art, la parole, la photo\u2026<\/p>\n\n\n\n<p>Ces activit\u00e9s se pratiquent en groupe pour des individus , des entreprises et &nbsp;des institutions en mettant \u00e0&nbsp; la disposition des praticiens certifi\u00e9s.<\/p>\n\n\n\n<p>L\u2019association privil\u00e9giera toutes activit\u00e9s passant par le mouvement corporel, la danse expressive, la parole, et favorisant les \u00e9changes. Elle s\u2019adresse \u00e0 tout public y compris les publics fragiles ou en difficult\u00e9s.<\/p>\n\n\n\n<p>*Les ateliers propos\u00e9s ne sont pas \u00e0 vocation th\u00e9rapeutiques m\u00eame s\u2019ils touchent parfois au processus du sujet . Dans ce cas il est dans la responsabilit\u00e9 du sujet de s\u2019orienter vers l\u2019espace le plus adapt\u00e9.<\/p>\n\n\n\n<p><em>L\u2019association se d\u00e9clare neutre dans les domaines de la politique, de la confession religieuse ou philosophique ainsi que de l\u2019appartenance communautaire.<\/em><\/p>\n\n\n\n<p>Infos : 07.82.90.68.95<\/p>\n\n\n\n<p>O\u00f9 nous \u00e9crire: ladansedehyunah@gmail.com<\/p>\n\n\n\n<p><em>Adh\u00e9sion \u00e0 l\u2019Association<\/em> \u00ab\u00a0La danse de Hyun AH\u00a0\u00bb <em>20\u20ac pour l&rsquo;ann\u00e9e<\/em> .<\/p>\n\n\n\n<p><em>Adh\u00e9rer \u00e0 l&rsquo;association pour soutenir et avoir des tarifs r\u00e9duits sur des journ\u00e9es, stages, ateliers collectifs au cours de l&rsquo;ann\u00e9e , mise en place des projets&#8230;.<\/em><\/p>\n\n\n\n<p><strong>TARIFS<\/strong> <strong>Pour l&rsquo;ann\u00e9e 2025.26 <\/strong><\/p>\n\n\n\n<p><em>Pour accompagner un processus et s\u00e9curiser le groupe,  un engagement \u00e0 l\u2019ann\u00e9e est souhaitable.<\/em> <em>Des tarifs r\u00e9duits pour  que tout public puisse en b\u00e9n\u00e9ficier et que l&rsquo;argent ne soit pas un frein.  L&rsquo;association \u00a0\u00bb la danse de Hyun Ah \u00ab\u00a0souhaite que toute personne puisse danser en corps , se mettre en mouvement, lutter contre l&rsquo;isolement  et cr\u00e9er du lien social. <\/em><\/p>\n\n\n\n<p><strong>Cours hebdomadaire de Biodanza\u00ae  du 10 sept 25 au 24 juin 26. <\/strong>(s\u00e9ances pendant les vacances scolaires le premier mardi ).<\/p>\n\n\n\n<p><strong>Tarif normal&nbsp;: <\/strong>15\u20ac la s\u00e9ance<\/p>\n\n\n\n<p><strong>S\u00e9ance d\u00e9couverte<\/strong> : 10\u20ac la s\u00e9ance<\/p>\n\n\n\n<p><strong>Tarif au trimestre:<\/strong> 12\u20ac la s\u00e9ance + adh\u00e9sion  <\/p>\n\n\n\n<p><strong>Tarif \u00e0 l&rsquo;ann\u00e9e* :<\/strong> 10 \u20ac la s\u00e9ance  +adh\u00e9sion<\/p>\n\n\n\n<p><strong>Cours hebdomadaire de Biodanza\u00ae du&nbsp; 09 sept 25 au 30 juin 26 .<\/strong><\/p>\n\n\n\n<p><strong>Tarif normal&nbsp;: <\/strong>15\u20ac la s\u00e9ance (s\u00e9ance sans abonnement )<\/p>\n\n\n\n<p><strong>S\u00e9ance d\u00e9couverte<\/strong> : 10 \u20ac la s\u00e9ance<\/p>\n\n\n\n<p><strong>Tarif au trimestre:<\/strong> 12\u20ac la s\u00e9ance + adh\u00e9sion<\/p>\n\n\n\n<p><strong>Tarif \u00e0 l\u2019ann\u00e9e* :<\/strong> 10 \u20ac la s\u00e9ance +adh\u00e9sion<\/p>\n\n\n\n<p><\/p>\n\n\n\n<p><strong>T<\/strong><strong>arif rentr\u00e9e 25.26 *<\/strong>&nbsp; 350 euros en incluant l\u2019adh\u00e9sion.au lieu de 370 euros<\/p>\n\n\n\n<p>*<strong><em>Pour b\u00e9n\u00e9ficier ce tarif : Inscriptions avant le 30 septembre 25 .<\/em><\/strong><\/p>\n\n\n\n<p><strong>Pack d\u00e9couverte <\/strong>: 40 \u20ac les 4 s\u00e9ances cons\u00e9cutives .<\/p>\n\n\n\n<p>( tarif d\u00e9duit sur l\u2019abonnement de l\u2019ann\u00e9e).<\/p>\n\n\n\n<p><strong>Tarif pr\u00e9f\u00e9rentiel* : <\/strong>RSA, petite retraite 8 \u20ac la s\u00e9ance en incluant l\u2019adh\u00e9sion 300 \u20ac&nbsp; ( Inscriptions avant le 30 septembre).<\/p>\n\n\n\n<p>*<strong><em>Engagement \u00e0 l\u2019ann\u00e9e pour b\u00e9n\u00e9ficier ce tarif r\u00e9duit sur justificatif.<\/em><\/strong><\/p>\n\n\n\n<p><strong>Tarif pr\u00e9f\u00e9rentiel* : <\/strong>\u00e9tudiant, en formation de Biodanza <strong>\u00ae<\/strong> 6 \u20ac la s\u00e9ance en incluant l\u2019adh\u00e9sion 230 \u20ac ( Inscriptions avant le 30 septembre).<\/p>\n\n\n\n<p><strong>*<\/strong><strong><em>Engagement \u00e0 l\u2019ann\u00e9e pour b\u00e9n\u00e9ficier ce tarif r\u00e9duit sur justificatif<\/em><\/strong><strong> .<\/strong><strong><\/strong><\/p>\n\n\n\n<p><strong><em>Possibilit\u00e9 de payer en plusieurs fois, ch\u00e8que libell\u00e9 \u00e0 l\u2019ordre de l\u2019association la \u00ab&nbsp;danse de Hyun Ah&nbsp;\u00bb avant le <\/em><\/strong><strong><em>30 septembre<\/em><\/strong><strong><em>. Inscrire au dos les dates des encaissements.<\/em><\/strong><\/p>\n\n\n\n<p><strong><em>Virement bancaire : Demander le rib de l\u2019association.<\/em><\/strong><\/p>\n\n\n\n<p><em>*<\/em><strong><em>Merci de signaler lors de votre inscription d\u2019\u00e9ventuelles limitations et \u00e9tat de sant\u00e9 : traitement, troubles de l\u2019\u00e9quilibre, troubles de l\u2019humeur, maladies invalidantes,\u2026) .&nbsp;<\/em><\/strong><\/p>\n\n\n\n<figure class=\"wp-block-image aligncenter size-large is-resized\"><img loading=\"lazy\" decoding=\"async\" width=\"1024\" height=\"1024\" src=\"https:\/\/ladansedehyunah.fr\/wp-content\/uploads\/2024\/07\/1seance-1-1024x1024.jpg\" alt=\"\" class=\"wp-image-731\" style=\"width:469px;height:auto\" srcset=\"https:\/\/ladansedehyunah.fr\/wp-content\/uploads\/2024\/07\/1seance-1-1024x1024.jpg 1024w, https:\/\/ladansedehyunah.fr\/wp-content\/uploads\/2024\/07\/1seance-1-300x300.jpg 300w, https:\/\/ladansedehyunah.fr\/wp-content\/uploads\/2024\/07\/1seance-1-150x150.jpg 150w, https:\/\/ladansedehyunah.fr\/wp-content\/uploads\/2024\/07\/1seance-1-768x768.jpg 768w, https:\/\/ladansedehyunah.fr\/wp-content\/uploads\/2024\/07\/1seance-1.jpg 1080w\" sizes=\"auto, (max-width: 1024px) 100vw, 1024px\" \/><\/figure>\n\n\n\n<p><strong>Dates des s\u00e9ances hebdomadaires 2025.2026<\/strong><\/p>\n\n\n\n<p><strong>Septembre<\/strong> 09.16.23.30<\/p>\n\n\n\n<p><strong>Octobre<\/strong> 07.14.<\/p>\n\n\n\n<p><strong>Novembre<\/strong> 04.18.25<\/p>\n\n\n\n<p><strong>D\u00e9cembre<\/strong> 02.09.16<\/p>\n\n\n\n<p>J<strong>anvier<\/strong> 06.13.20.27<\/p>\n\n\n\n<p><strong>F\u00e9vrier<\/strong> 03.10.24<\/p>\n\n\n\n<p><strong>Mars<\/strong> 03.10.17.24.31<\/p>\n\n\n\n<p><strong>Avril<\/strong> 21.28 <\/p>\n\n\n\n<p><strong>Mai<\/strong> 05.12.19.26<\/p>\n\n\n\n<p><strong>Juin<\/strong> 02.09.16.23.30<\/p>\n\n\n\n<p>. <strong>Atelier danse th\u00e9rapie  et mouvement corporel.<\/strong><\/p>\n\n\n\n<p>20 \u20ac la s\u00e9ance de 2h00<\/p>\n\n\n\n<p>15 \u20ac adh\u00e9rent<\/p>\n\n\n\n<p>. <strong>Atelier de psychog\u00e9n\u00e9alogie ou analyse transg\u00e9n\u00e9rationnelle<\/strong>.<\/p>\n\n\n\n<p>25 \u20ac la s\u00e9ance de 2h00<\/p>\n\n\n\n<p>20 \u20ac adh\u00e9rent<\/p>\n\n\n\n<p>. <strong>Atelier Biodanza<strong>\u00ae<\/strong> enfants et adolescents.<\/strong><\/p>\n\n\n\n<p>10 \u20ac la s\u00e9ance de 1h00<\/p>\n\n\n\n<p>20 \u20ac adh\u00e9rent<\/p>\n\n\n\n<p>. Atelier Biodanza<strong>\u00ae<\/strong> po\u00e9sie et journal Bio cr\u00e9atif.<\/p>\n\n\n\n<p>40 \u20ac l&rsquo;atelier de 3h00<\/p>\n\n\n\n<p>20 \u20ac adh\u00e9rent<\/p>\n\n\n\n<p>.<strong>Cycle Biodanza<strong><strong>\u00ae<\/strong><\/strong><\/strong> <strong>et Journal Bio cr\u00e9atif ( Nouveaut\u00e9)<\/strong><\/p>\n\n\n\n<p>1 jeudi par mois de 18H \u00e0 20H30.<\/p>\n\n\n\n<p>40 \u20ac l&rsquo;atelier de 2h30<\/p>\n\n\n\n<p>Pack de 5 s\u00e9ances 150 \u20ac  (Possibilit\u00e9 de payer en plusieurs fois). <\/p>\n\n\n\n<p>Adh\u00e9rent :  120 \u20ac <\/p>\n\n\n\n<ul class=\"wp-block-list\">\n<li>Pour les professeures de Biodanza ou \u00e9l\u00e8ves en supervision : 120 \u20ac <\/li>\n<\/ul>\n\n\n\n<p><strong><em>Pour assurer le processus, il est pr\u00e9f\u00e9rable de suivre le cycle de 5 s\u00e9ances.<\/em><\/strong><\/p>\n\n\n\n<p>Pour obtenir un tarif d\u00e9gressif:  il est important de s&rsquo;inscrire. <\/p>\n\n\n\n<p>(Atelier 1 : 40 \u20ac  Atelier 2 : 35 \u20ac  Atelier 3: 30 \u20ac) Possibilit\u00e9 de payer en plusieurs fois. <\/p>\n\n\n\n<p>Adh\u00e9rent :  30 \u20ac <\/p>\n\n\n\n<p>Pour les professeures de Biodanza ou \u00e9l\u00e8ves en supervision : 30 \u20ac <\/p>\n\n\n\n<p>Pour les personnes qui ont d\u00e9j\u00e0 assister au minimum 2 ateliers en 2025 : 30 \u20ac <\/p>\n\n\n\n<p>*<em>En cas de difficult\u00e9s financi\u00e8res , merci de nous l&rsquo;indiquer.<\/em><\/p>\n\n\n\n<p>*<em>Pour les personnes en situation d&rsquo;handicap, RSA, petite retraite , un tarif sp\u00e9cial.<\/em><\/p>\n\n\n\n<p>Merci de vous inscrire \u00e0 l&rsquo;adresse suivante : ladansedehyunah@gmail.com<\/p>\n\n\n\n<figure class=\"wp-block-gallery has-nested-images columns-default is-cropped wp-block-gallery-1 is-layout-flex wp-block-gallery-is-layout-flex\">\n<figure class=\"wp-block-image size-large is-style-default\"><img loading=\"lazy\" decoding=\"async\" width=\"724\" height=\"1024\" data-id=\"1028\" src=\"https:\/\/ladansedehyunah.fr\/wp-content\/uploads\/2025\/08\/RECTO-25.26--724x1024.jpg\" alt=\"\" class=\"wp-image-1028\" srcset=\"https:\/\/ladansedehyunah.fr\/wp-content\/uploads\/2025\/08\/RECTO-25.26--724x1024.jpg 724w, https:\/\/ladansedehyunah.fr\/wp-content\/uploads\/2025\/08\/RECTO-25.26--212x300.jpg 212w, https:\/\/ladansedehyunah.fr\/wp-content\/uploads\/2025\/08\/RECTO-25.26--768x1086.jpg 768w, https:\/\/ladansedehyunah.fr\/wp-content\/uploads\/2025\/08\/RECTO-25.26--1086x1536.jpg 1086w, https:\/\/ladansedehyunah.fr\/wp-content\/uploads\/2025\/08\/RECTO-25.26-.jpg 1414w\" sizes=\"auto, (max-width: 724px) 100vw, 724px\" \/><\/figure>\n<\/figure>\n\n\n\n<p><strong><em>Les bienfaits de la danse<\/em><\/strong><\/p>\n\n\n\n<p>A \u00e9couter sans mod\u00e9ration! <\/p>\n\n\n\n<p><a href=\"https:\/\/www.radiofrance.fr\/franceinter\/podcasts\/grand-bien-vous-fasse\/grand-bien-vous-fasse-l-ete-du-lundi-17-juillet-2023-5512739?fbclid=IwAR3UtOHHgsdCbV9YYmWIe0Ld1ot5xukJoJrCx4I2z7Ymvhzsyrql09nDqZo\">https:\/\/www.radiofrance.fr\/franceinter\/podcasts\/grand-bien-vous-fasse\/grand-bien-vous-fasse-l-ete-du-lundi-17-juillet-2023-5512739?fbclid=IwAR3UtOHHgsdCbV9YYmWIe0Ld1ot5xukJoJrCx4I2z7Ymvhzsyrql09nDqZo<\/a><\/p>\n\n\n<div style=\"height:400pxpx;\" class=\"wp-block-themeisle-blocks-leaflet-map\" id=\"wp-block-themeisle-blocks-google-map-237dffa9\"><\/div>\n<script type=\"text\/javascript\">\n\t\/* <![CDATA[ *\/\n\t\tif ( ! window.themeisleLeafletMaps ) window.themeisleLeafletMaps =[];\n\t\twindow.themeisleLeafletMaps.push( { container: \"wp-block-themeisle-blocks-google-map-237dffa9\", attributes: {\"id\":\"wp-block-themeisle-blocks-google-map-237dffa9\",\"latitude\":\"45.76543971330891\",\"longitude\":\"4.8334563009818865\",\"bbox\":\"4.8175907135009775,45.75943951748978,4.849348068237306,45.77141457333521\",\"zoom\":15,\"location\":\"La Sagrada Familia, Barcelona, Spain\",\"height\":\"400px\",\"markers\":[],\"zoomControl\":true,\"draggable\":true,\"hasCustomCSS\":false,\"customCSS\":\"\",\"otterConditions\":[]} } );\n\t\/* ]]> *\/\n<\/script>\n\n\n<div style=\"height:400px\" class=\"wp-block-themeisle-blocks-google-map\" id=\"wp-block-themeisle-blocks-google-map-7b8c007a\"><\/div>\n<script type=\"text\/javascript\">\n\t\/* <![CDATA[ *\/\n\t\tif ( ! window.themeisleGoogleMaps ) window.themeisleGoogleMaps =[];\n\t\twindow.themeisleGoogleMaps.push( { container: \"wp-block-themeisle-blocks-google-map-7b8c007a\", attributes: {\"id\":\"wp-block-themeisle-blocks-google-map-7b8c007a\",\"style\":\"standard\",\"location\":\"La Sagrada Familia, Barcelona, Spain\",\"type\":\"roadmap\",\"zoom\":15,\"height\":\"400px\",\"draggable\":true,\"mapTypeControl\":true,\"zoomControl\":true,\"fullscreenControl\":true,\"streetViewControl\":true,\"markers\":[],\"hasCustomCSS\":false,\"customCSS\":\"\",\"otterConditions\":[]} } );\n\t\/* ]]> *\/\n<\/script>\n","protected":false},"excerpt":{"rendered":"<p>Association loi 1er Juillet 1901, d\u00e9clar\u00e9e en mai 2023 n\u00b0 W691107625 Une autorisation pr\u00e9alable est donc n\u00e9cessaire pour un document in\u00e9dit.Cette autorisation doit \u00eatre obtenue aupr\u00e8s de l\u2019auteur ou de ses ayants droit. \u0152uvre de Jung-sik auteur du film couleur peau miel et tout ce qui nous relie droit soumis \u00e0 l&rsquo;association la danse de [&hellip;]<\/p>\n","protected":false},"author":1,"featured_media":0,"parent":0,"menu_order":0,"comment_status":"closed","ping_status":"closed","template":"","meta":{"_themeisle_gutenberg_block_has_review":false,"footnotes":""},"class_list":["post-214","page","type-page","status-publish","hentry"],"_links":{"self":[{"href":"https:\/\/ladansedehyunah.fr\/index.php\/wp-json\/wp\/v2\/pages\/214","targetHints":{"allow":["GET"]}}],"collection":[{"href":"https:\/\/ladansedehyunah.fr\/index.php\/wp-json\/wp\/v2\/pages"}],"about":[{"href":"https:\/\/ladansedehyunah.fr\/index.php\/wp-json\/wp\/v2\/types\/page"}],"author":[{"embeddable":true,"href":"https:\/\/ladansedehyunah.fr\/index.php\/wp-json\/wp\/v2\/users\/1"}],"replies":[{"embeddable":true,"href":"https:\/\/ladansedehyunah.fr\/index.php\/wp-json\/wp\/v2\/comments?post=214"}],"version-history":[{"count":75,"href":"https:\/\/ladansedehyunah.fr\/index.php\/wp-json\/wp\/v2\/pages\/214\/revisions"}],"predecessor-version":[{"id":1166,"href":"https:\/\/ladansedehyunah.fr\/index.php\/wp-json\/wp\/v2\/pages\/214\/revisions\/1166"}],"wp:attachment":[{"href":"https:\/\/ladansedehyunah.fr\/index.php\/wp-json\/wp\/v2\/media?parent=214"}],"curies":[{"name":"wp","href":"https:\/\/api.w.org\/{rel}","templated":true}]}}