{"id":473,"date":"2024-03-29T11:10:56","date_gmt":"2024-03-29T10:10:56","guid":{"rendered":"https:\/\/ladansedehyunah.fr\/?page_id=473"},"modified":"2026-03-04T16:19:57","modified_gmt":"2026-03-04T15:19:57","slug":"atelier-biodanza-journal-bio-creatif-et-poesie","status":"publish","type":"page","link":"https:\/\/ladansedehyunah.fr\/index.php\/atelier-biodanza-journal-bio-creatif-et-poesie\/","title":{"rendered":"Atelier Biodanza\u00ae  journal bio-cr\u00e9atif et po\u00e9sie."},"content":{"rendered":"\n<p>Biodanza\u00ae et journal bio cr\u00e9atif en int\u00e9grant l&rsquo;\u00e9criture organique, la po\u00e9sie du mouvement, la danse des mots tout en se connectant \u00e0 ses \u00e9motions.<\/p>\n\n\n\n<p>R\u00e9veillez l&rsquo;artiste qui sommeille en nous et qui demande \u00e0 s&rsquo;exprimer.<\/p>\n\n\n\n<p>\u00c0 travers les ateliers, nous utiliserons le journal comme compagnon de voyage et nous cheminerons au fil de nos rencontres en nous appuyant sur la bienveillance du groupe.<\/p>\n\n\n\n<p>Les m\u00e9dias artistiques serviront de soutien (le collage, les photos, le dessin, l&rsquo;\u00e9criture organique, la po\u00e9sie, l&rsquo;argile, la danse, la peinture, les contes&#8230;..) .<\/p>\n\n\n\n<p>Le mot \u00ab\u00a0po\u00e9sie\u00a0\u00bb sur un plan \u00e9tymologique , qui vient vient du mot grec \u00a0\u00bb poiesis\u00a0\u00bb  signifie cr\u00e9er, f\u00e9conder, faire na\u00eetre.<\/p>\n\n\n\n<p>Dans l&rsquo;\u00e9criture, c&rsquo;est tout notre corps qui est impliqu\u00e9, une sensation, une \u00e9motion nous traverse lorsque nous \u00e9crivons chaque mot. C&rsquo;est un accouchement de soi.<\/p>\n\n\n\n<p>\u00a0\u00bb <em>L&rsquo;acte cr\u00e9ateur est  toujours le r\u00e9sultat expressif ,visible, de l&rsquo;acte de vivre.\u00a0\u00bb<\/em><\/p>\n\n\n\n<p>Rolando Toro Araneda<\/p>\n\n\n\n<p>Cette extension Biodanza journal bio cr\u00e9atif et po\u00e9sie \u00e0 \u00e9t\u00e9 cr\u00e9\u00e9 par Maria del Pilar Amaya  , directrice \u00e9cole srt Bogota (Colombie) et Montpellier !<\/p>\n\n\n\n<p><strong>Nouveaut\u00e9:<\/strong>   <strong>Cycle de Biodanza et journal Bio cr\u00e9atif \u00e0 Lyon 1er<\/strong>  <\/p>\n\n\n\n<p>Un jeudi par mois \u00e0 partir de F\u00e9vrier 2026 de 18H \u00e0 20H30 anim\u00e9 par C\u00e9cile Hocd\u00e9.<\/p>\n\n\n\n<p><em>Ce cycle s&rsquo; adresse aux femmes d\u00e9sireuses de se reconnecter \u00e0 son corps et ses \u00e9motions mais aussi  de se connecter \u00e0 son potentiel cr\u00e9atif, en int\u00e9grant le journal bio cr\u00e9atif comme compagnon de voyage . Lors de ces ateliers  , nous utiliserons les m\u00e9dias cr\u00e9atifs  tels que le dessin sensible, l&rsquo; \u00e9criture organique, la photographie, le collage&#8230;.comme support  afin de symboliser. <\/em><\/p>\n\n\n\n<p><em>Pas besoin de savoir danser, dessiner , \u00e9crire&#8230; Se laisser \u00e9mouvoir par le mouvement, la danse et la musique&#8230;.<\/em><\/p>\n\n\n\n<p><em>Un moment pour se retrouver soi dans un cadre s\u00e9cure et bienveillant.  <\/em><\/p>\n\n\n\n<figure class=\"wp-block-image size-large is-resized\"><img loading=\"lazy\" decoding=\"async\" width=\"1024\" height=\"1024\" src=\"https:\/\/ladansedehyunah.fr\/wp-content\/uploads\/2026\/01\/5-1024x1024.jpg\" alt=\"\" class=\"wp-image-1098\" style=\"width:660px;height:auto\" srcset=\"https:\/\/ladansedehyunah.fr\/wp-content\/uploads\/2026\/01\/5-1024x1024.jpg 1024w, https:\/\/ladansedehyunah.fr\/wp-content\/uploads\/2026\/01\/5-300x300.jpg 300w, https:\/\/ladansedehyunah.fr\/wp-content\/uploads\/2026\/01\/5-150x150.jpg 150w, https:\/\/ladansedehyunah.fr\/wp-content\/uploads\/2026\/01\/5-768x768.jpg 768w, https:\/\/ladansedehyunah.fr\/wp-content\/uploads\/2026\/01\/5.jpg 1080w\" sizes=\"auto, (max-width: 1024px) 100vw, 1024px\" \/><\/figure>\n\n\n\n<figure class=\"wp-block-image size-large is-resized\"><img loading=\"lazy\" decoding=\"async\" width=\"1024\" height=\"1024\" src=\"https:\/\/ladansedehyunah.fr\/wp-content\/uploads\/2026\/01\/13-1024x1024.jpg\" alt=\"\" class=\"wp-image-1100\" style=\"width:649px;height:auto\" srcset=\"https:\/\/ladansedehyunah.fr\/wp-content\/uploads\/2026\/01\/13-1024x1024.jpg 1024w, https:\/\/ladansedehyunah.fr\/wp-content\/uploads\/2026\/01\/13-300x300.jpg 300w, https:\/\/ladansedehyunah.fr\/wp-content\/uploads\/2026\/01\/13-150x150.jpg 150w, https:\/\/ladansedehyunah.fr\/wp-content\/uploads\/2026\/01\/13-768x768.jpg 768w, https:\/\/ladansedehyunah.fr\/wp-content\/uploads\/2026\/01\/13.jpg 1080w\" sizes=\"auto, (max-width: 1024px) 100vw, 1024px\" \/><\/figure>\n\n\n\n<p>Pour le processus,  il est conseill\u00e9 d&rsquo;effectuer le cycle des 5 s\u00e9ances.<\/p>\n\n\n\n<p>Si vous ne pouvez pas assister \u00e0 la totalit\u00e9 du  cycle des 5 s\u00e9ances :  <\/p>\n\n\n\n<p><em>1\u00e8re s\u00e9ance : 40 euros, 2\u00e8me s\u00e9ance: 35 euros et 3\u00e8me s\u00e9ance : 30 euros. <\/em><\/p>\n\n\n\n<p>1 atelier d\u00e9couverte: 30 euros <\/p>\n\n\n\n<p><em>En cas de difficult\u00e9s financi\u00e8res, merci de l&rsquo;indiquer.<\/em><\/p>\n\n\n\n<p>*Tarifs sp\u00e9cial pour les personnes en situation d&rsquo;handicap, RSA, petite retraite, \u00e9tudiante&#8230;<\/p>\n\n\n\n<p>Tarif pr\u00e9f\u00e9rentiel pour les professeures de Biodanza et en supervision. <\/p>\n\n\n\n<p><strong>Pour plus d&rsquo;infos \/inscriptions : <\/strong>ladansedehyunah@gmail.com  <\/p>\n\n\n\n<p>A l\u2019occasion de la Journ\u00e9e internationale des droits des femmes.<\/p>\n\n\n\n<p>L\u2019association la danse de Hyun Ah vous propose un atelier de Biodanza et journal bio cr\u00e9atif&nbsp;: \u00ab&nbsp;Le journal de Frida Kahlo&nbsp;\u00bb &nbsp;2<sup>\u00e8me<\/sup> \u00e9dition, qui aura lieu le dimanche 08 mars de 14h \u00e0 17h au c\u0153ur de Lyon 1 er (Terreaux) suivi d&rsquo;un temps de conviait\u00e9.<em><\/em><\/p>\n\n\n\n<p><em>&nbsp;En hommage \u00e0 Frida Kalho, femme exceptionnelle qui a fait de sa vie une \u0153uvre d\u2019art. Elle a puis\u00e9 en elle sa force, sa cr\u00e9ativit\u00e9 pour d\u00e9passer ses souffrances. Une femme r\u00e9siliente et qui a d\u00e9nonc\u00e9 les violences faites aux femmes.&nbsp;<\/em><\/p>\n\n\n\n<p class=\"has-text-align-center\">    <strong>Dimanche 8 mars de 14h \u00e0 17h.<\/strong><\/p>\n\n\n\n<p class=\"has-text-align-center\"><em>\u00ab Le courage d&rsquo;\u00eatre soi&nbsp;\u00bb<\/em><\/p>\n\n\n\n<figure class=\"wp-block-image size-large is-resized\"><img loading=\"lazy\" decoding=\"async\" width=\"1024\" height=\"1024\" src=\"https:\/\/ladansedehyunah.fr\/wp-content\/uploads\/2026\/03\/1-fRIDA-2-1024x1024.jpg\" alt=\"\" class=\"wp-image-1162\" style=\"width:665px;height:auto\" srcset=\"https:\/\/ladansedehyunah.fr\/wp-content\/uploads\/2026\/03\/1-fRIDA-2-1024x1024.jpg 1024w, https:\/\/ladansedehyunah.fr\/wp-content\/uploads\/2026\/03\/1-fRIDA-2-300x300.jpg 300w, https:\/\/ladansedehyunah.fr\/wp-content\/uploads\/2026\/03\/1-fRIDA-2-150x150.jpg 150w, https:\/\/ladansedehyunah.fr\/wp-content\/uploads\/2026\/03\/1-fRIDA-2-768x768.jpg 768w, https:\/\/ladansedehyunah.fr\/wp-content\/uploads\/2026\/03\/1-fRIDA-2.jpg 1080w\" sizes=\"auto, (max-width: 1024px) 100vw, 1024px\" \/><\/figure>\n\n\n\n<p><em>\u00ab&nbsp;Je ne saurais dire si mes tableaux sont surr\u00e9alistes ou pas, mais je sais qu&rsquo;ils sont la plus franche expression de moi-m\u00eame, sans jamais tenir compte des jugements et des pr\u00e9jug\u00e9s de quiconque.&nbsp;\u00bb<\/em><\/p>\n\n\n\n<p class=\"has-text-align-center\"><em>Frida Kalho<\/em><strong><em><\/em><\/strong><\/p>\n\n\n\n<p><em>&nbsp;Anim\u00e9e par C\u00e9cile Hocd\u00e9, form\u00e9e \u00e0 l\u2019extension Biodanza et journal bio cr\u00e9atif, po\u00e9sie.&nbsp;<\/em><\/p>\n\n\n\n<p>Reconna\u00eetre l&rsquo;artiste en chacun de nous et lui permettre de s&rsquo;exprimer est l&rsquo;un des chemins de cet atelier.<\/p>\n\n\n\n<p>Cet espace est une invitation \u00e0 se connecter \u00e0 soi et notre potentiel cr\u00e9atif et \u00e0 son pouvoir transformateur. Le courage d\u2019innover, d\u2019\u00eatre soi , de d\u00e9passer ses limites, ses peurs, ses blocages.<\/p>\n\n\n\n<p>Pas besoin de savoir danser, \u00e9crire, peindre ou dessiner.s\u00c0 travers cet atelier, nous utiliserons le journal comme compagnon de voyage et nous cheminerons au fil du temps avec progressivit\u00e9 en nous appuyant sur la bienveillance du groupe.<\/p>\n\n\n\n<p>Nous utiliserons diff\u00e9rentes formes d\u2019expression artistiques qui serviront de soutien (le collage, la photographie, le dessin, l\u2019\u00e9criture organique, la po\u00e9sie, l\u2019argile, la danse, la peinture, les contes\u2026) .<\/p>\n\n\n\n<p>Le mot \u00ab po\u00e9sie \u00bb sur un plan \u00e9tymologique, qui vient vient du mot grec \u00bb poiesis \u00bb signifie cr\u00e9er, f\u00e9conder, faire na\u00eetre.<\/p>\n\n\n\n<p>Dans l\u2019\u00e9criture vivencielle, c\u2019est tout notre corps qui est impliqu\u00e9, une sensation, une \u00e9motion nous traverse lorsque nous \u00e9crivons chaque mot. C\u2019est un accouchement de soi.<\/p>\n\n\n\n<p><strong>Infos\/inscriptions:<\/strong><\/p>\n\n\n\n<p><strong>O\u00f9<\/strong>: Salle Anou skan,<\/p>\n\n\n\n<p><strong>&nbsp;<em><u><a href=\"https:\/\/www.google.com\/maps\/search\/1+rue+Sainte+Marie+des+Terreaux?entry=gmail&amp;source=g\" target=\"_blank\" rel=\"noreferrer noopener\">1 rue Sainte Marie des Terreaux<\/a><\/u>&nbsp;69001 Lyon &nbsp;.<\/em>&nbsp;<\/strong><\/p>\n\n\n\n<p><strong><em>M\u00e9tro A<\/em><\/strong>: arr\u00eat H\u00f4tel de ville. &nbsp;<\/p>\n\n\n\n<p><strong>Tarif&nbsp;: Atelier dimanche apr\u00e8s-midi de 14H \u00e0 17H<\/strong>&nbsp;.<\/p>\n\n\n\n<p>40 euros (mat\u00e9riel inclus).<\/p>\n\n\n\n<p><strong>Adh\u00e9rents<\/strong>&nbsp;:30 euros<\/p>\n\n\n\n<p><strong>Etudian<\/strong>t&nbsp;: 20 euros<\/p>\n\n\n\n<p><em>*Pour les personnes qui ont d\u00e9j\u00e0 assist\u00e9 \u00e0 un atelier Biodanza et journal et bio cr\u00e9atif avec moi : 30 euros<\/em><\/p>\n\n\n\n<p><em>En cas de difficult\u00e9s financi\u00e8res, merci de nous l\u2019indiquer.<\/em><\/p>\n\n\n\n<p><strong>Pour plus d&rsquo;informations\/inscriptions<\/strong>: ladansedehyunah@gmail.com<\/p>\n\n\n\n<p><\/p>\n\n\n\n<p>Vivencia vendredi 21 novembre de 19h30 \u00e0 21h30 avec Maria del Pilar Amaya. <\/p>\n\n\n\n<figure class=\"wp-block-image size-large is-resized\"><img loading=\"lazy\" decoding=\"async\" width=\"1024\" height=\"1024\" src=\"https:\/\/ladansedehyunah.fr\/wp-content\/uploads\/2025\/11\/1-1024x1024.jpg\" alt=\"\" class=\"wp-image-1055\" style=\"width:617px;height:auto\" srcset=\"https:\/\/ladansedehyunah.fr\/wp-content\/uploads\/2025\/11\/1-1024x1024.jpg 1024w, https:\/\/ladansedehyunah.fr\/wp-content\/uploads\/2025\/11\/1-300x300.jpg 300w, https:\/\/ladansedehyunah.fr\/wp-content\/uploads\/2025\/11\/1-150x150.jpg 150w, https:\/\/ladansedehyunah.fr\/wp-content\/uploads\/2025\/11\/1-768x768.jpg 768w, https:\/\/ladansedehyunah.fr\/wp-content\/uploads\/2025\/11\/1.jpg 1080w\" sizes=\"auto, (max-width: 1024px) 100vw, 1024px\" \/><\/figure>\n\n\n\n<p>S\u00e9ance 20 euros.<\/p>\n\n\n\n<p>Adh\u00e9rent: 15 euros <\/p>\n\n\n\n<p>Prochain atelier samedi 22 novembre de 14h \u00e0 17h.<\/p>\n\n\n\n<p>Atelier 40 euros ( mat\u00e9riel inclus).<\/p>\n\n\n\n<p>Adh\u00e9rent: 30 euros <\/p>\n\n\n\n<p><strong>Pack s\u00e9ance de vendredi soir+atelier journal bio cr\u00e9atif<\/strong> .<\/p>\n\n\n\n<p>50 euros (s\u00e9ance+ atelier).<\/p>\n\n\n\n<p>Adh\u00e9rent  : 40 euros <\/p>\n\n\n\n<figure class=\"wp-block-gallery has-nested-images columns-default is-cropped wp-block-gallery-1 is-layout-flex wp-block-gallery-is-layout-flex\">\n<figure class=\"wp-block-image size-large\"><img loading=\"lazy\" decoding=\"async\" width=\"1024\" height=\"1024\" data-id=\"1051\" src=\"https:\/\/ladansedehyunah.fr\/wp-content\/uploads\/2025\/10\/Copie-de-Frida-Kahlo-1024x1024.jpg\" alt=\"\" class=\"wp-image-1051\" srcset=\"https:\/\/ladansedehyunah.fr\/wp-content\/uploads\/2025\/10\/Copie-de-Frida-Kahlo-1024x1024.jpg 1024w, https:\/\/ladansedehyunah.fr\/wp-content\/uploads\/2025\/10\/Copie-de-Frida-Kahlo-300x300.jpg 300w, https:\/\/ladansedehyunah.fr\/wp-content\/uploads\/2025\/10\/Copie-de-Frida-Kahlo-150x150.jpg 150w, https:\/\/ladansedehyunah.fr\/wp-content\/uploads\/2025\/10\/Copie-de-Frida-Kahlo-768x768.jpg 768w, https:\/\/ladansedehyunah.fr\/wp-content\/uploads\/2025\/10\/Copie-de-Frida-Kahlo.jpg 1080w\" sizes=\"auto, (max-width: 1024px) 100vw, 1024px\" \/><\/figure>\n<\/figure>\n\n\n\n<p>Nouveaut\u00e9 \u00e0 partir de f\u00e9vrier une session de 5 s\u00e9ances  ( 1 fois par mois), les jeudis de 18h \u00e0 20h30 de f\u00e9vrier \u00e0 juin . <\/p>\n\n\n\n<p>un voyage  vers soi pour cheminer &#8230;.<\/p>\n\n\n\n<p>Les infos arrivent !!!! <\/p>\n\n\n\n<p>T\u00e9moignage .<\/p>\n\n\n\n<p>\u00ab\u00a0Le journal cr\u00e9atif permet un moment de partage diff\u00e9rent dans la biodanza. On cherche \u00e0 partager avec les autres un texte, un dessin ou une repr\u00e9sentation graphique ou \u00e9crite d\u2019un sentiment, que nous procure la biodanza, une vivencia que l\u2019on a eu ou bien la vie en g\u00e9n\u00e9ral. Il vient ajouter une partie orale lors de sa transmission et nous d\u00e9voile un peu du ressenti du participant qui nous offre en cadeau des \u00e9motions qui nous parlent. J\u2019ai beaucoup aim\u00e9 avoir le cahier pendant une semaine, avoir un support pour m\u2019offrir \u00e0 moi un moment cr\u00e9atif \u00e0 la maison et me sentir connect\u00e9 avec ma pratique durant la semaine. Et j\u2019ai ador\u00e9 \u00e9couter chacun partager ce qui le touche. Les sessions de biodanza avec C\u00e9cile sont douces, il y a du jeu et du rire et des \u00e9changes \u00e9mouvants. J\u2019y ai trouv\u00e9 de la bienveillance et son observation permet la cr\u00e9ation de chaque classe dans une continuit\u00e9, et une progression avec le groupe. Elle sait cerner ce que l\u2019on doit travailler plus tout en commen\u00e7ant la classe par une id\u00e9e, une phrase qui va rythmer les vivencias et nous guider dans notre exp\u00e9rience. Merci C\u00e9cile pour ton envie d\u2019unir et de cr\u00e9er une coh\u00e9sion dans le groupe \u00e9galement ! \u00ab\u00a0<\/p>\n\n\n\n<p>Esther<\/p>\n\n\n\n<figure class=\"wp-block-gallery has-nested-images columns-default is-cropped wp-block-gallery-2 is-layout-flex wp-block-gallery-is-layout-flex\">\n<figure class=\"wp-block-image size-large\"><img loading=\"lazy\" decoding=\"async\" width=\"1024\" height=\"1024\" data-id=\"1049\" src=\"https:\/\/ladansedehyunah.fr\/wp-content\/uploads\/2025\/10\/La-danse-de-mes-ancetres-1-1024x1024.jpg\" alt=\"\" class=\"wp-image-1049\" srcset=\"https:\/\/ladansedehyunah.fr\/wp-content\/uploads\/2025\/10\/La-danse-de-mes-ancetres-1-1024x1024.jpg 1024w, https:\/\/ladansedehyunah.fr\/wp-content\/uploads\/2025\/10\/La-danse-de-mes-ancetres-1-300x300.jpg 300w, https:\/\/ladansedehyunah.fr\/wp-content\/uploads\/2025\/10\/La-danse-de-mes-ancetres-1-150x150.jpg 150w, https:\/\/ladansedehyunah.fr\/wp-content\/uploads\/2025\/10\/La-danse-de-mes-ancetres-1-768x768.jpg 768w, https:\/\/ladansedehyunah.fr\/wp-content\/uploads\/2025\/10\/La-danse-de-mes-ancetres-1.jpg 1080w\" sizes=\"auto, (max-width: 1024px) 100vw, 1024px\" \/><\/figure>\n<\/figure>\n\n\n\n<p>\u00ab\u00a0<em>Lors de cet atelier. Intitul\u00e9 \u00bb \u00bb la danse de nos anc\u00eatres, \u00ab \u00bb gr\u00e2ce aux musiques tr\u00e8s bien choisies par C\u00e9cile , aux danses , et au travail d \u2018\u00e9criture , j ai pu me connecter , dans une danse individuelle \u00e0 l \u2018\u00e9nergie fougueuse de mon p\u00e8re<br>J ai vraiment ressenti ce feu dans tout le corps et le ressens encore aujourd\u2019hui .<br>Tr\u00e8s belle exp\u00e9rience dans un cadre s\u00e9curisant.et tr\u00e8s chaleureux<\/em>\u00ab\u00a0.<\/p>\n\n\n\n<p>Marie Th\u00e9<\/p>\n\n\n\n<p>\u00a0\u00bb <em>Merci C\u00e9cile pour cet atelier joyeux et \u00e9mouvant. J\u2019ai vraiment ressenti une connexion avec ma grand m\u00e8re paternelle que je n\u2019ai pas connue mais qui lors de l\u2019exercice \u00ab je suis ton anc\u00eatre et je suis venue te dire \u00bb m\u2019a v\u00e9ritablement transmis un message d\u2019amour qui m\u2019a r\u00e9confort\u00e9. Depuis j\u2019ai l\u2019impression qu\u2019elle est \u00e0 mes c\u00f4t\u00e9s.<br>Ce fut une tr\u00e8s belle exp\u00e9rience.<br>Merci aussi au groupe, c\u2019est toujours magique de sentir les liens qui se cr\u00e9ent avec les autres participants.antes en si peu de temps gr\u00e2ce aux musiques et \u00e0 la danse.\u00a0\u00bb<\/em><\/p>\n\n\n\n<p>Fran\u00e7oise<\/p>\n","protected":false},"excerpt":{"rendered":"<p>Biodanza\u00ae et journal bio cr\u00e9atif en int\u00e9grant l&rsquo;\u00e9criture organique, la po\u00e9sie du mouvement, la danse des mots tout en se connectant \u00e0 ses \u00e9motions. R\u00e9veillez l&rsquo;artiste qui sommeille en nous et qui demande \u00e0 s&rsquo;exprimer. \u00c0 travers les ateliers, nous utiliserons le journal comme compagnon de voyage et nous cheminerons au fil de nos rencontres [&hellip;]<\/p>\n","protected":false},"author":1,"featured_media":0,"parent":0,"menu_order":0,"comment_status":"closed","ping_status":"closed","template":"","meta":{"_themeisle_gutenberg_block_has_review":false,"footnotes":""},"class_list":["post-473","page","type-page","status-publish","hentry"],"_links":{"self":[{"href":"https:\/\/ladansedehyunah.fr\/index.php\/wp-json\/wp\/v2\/pages\/473","targetHints":{"allow":["GET"]}}],"collection":[{"href":"https:\/\/ladansedehyunah.fr\/index.php\/wp-json\/wp\/v2\/pages"}],"about":[{"href":"https:\/\/ladansedehyunah.fr\/index.php\/wp-json\/wp\/v2\/types\/page"}],"author":[{"embeddable":true,"href":"https:\/\/ladansedehyunah.fr\/index.php\/wp-json\/wp\/v2\/users\/1"}],"replies":[{"embeddable":true,"href":"https:\/\/ladansedehyunah.fr\/index.php\/wp-json\/wp\/v2\/comments?post=473"}],"version-history":[{"count":38,"href":"https:\/\/ladansedehyunah.fr\/index.php\/wp-json\/wp\/v2\/pages\/473\/revisions"}],"predecessor-version":[{"id":1175,"href":"https:\/\/ladansedehyunah.fr\/index.php\/wp-json\/wp\/v2\/pages\/473\/revisions\/1175"}],"wp:attachment":[{"href":"https:\/\/ladansedehyunah.fr\/index.php\/wp-json\/wp\/v2\/media?parent=473"}],"curies":[{"name":"wp","href":"https:\/\/api.w.org\/{rel}","templated":true}]}}